{"id":8263,"date":"2020-12-10T22:42:11","date_gmt":"2020-12-10T21:42:11","guid":{"rendered":"https:\/\/www.tourisme-valdemarne.com\/espace-pro\/?page_id=8263"},"modified":"2024-02-13T14:21:46","modified_gmt":"2024-02-13T13:21:46","slug":"le-grand-paris-territoire-de-predilection-pour-le-tourisme-de-demain","status":"publish","type":"page","link":"https:\/\/www.tourisme-valdemarne.com\/espace-pro\/observatoire-du-tourisme\/le-grand-paris-territoire-de-predilection-pour-le-tourisme-de-demain\/","title":{"rendered":"Enqu\u00eate exclusive : Le Grand Paris territoire de pr\u00e9dilection pour le tourisme de demain"},"content":{"rendered":"\n<p class=\"is-style-excerpt\">Afin d\u2019anticiper sur les usages de loisirs et de tourisme au sortir de la crise sanitaire actuelle, l\u2019agence d\u00e9partementale de tourisme de la Seine-Saint-Denis et le comit\u00e9 d\u00e9partemental du tourisme du Val-de-Marne ont men\u00e9 une enqu\u00eate aupr\u00e8s des 70.000 usagers de la plateforme #ExploreParis.<\/p>\n\n\n\n<p>Si les r\u00e9sultats de l\u2019enqu\u00eate augurent d\u2019une reprise prudente des activit\u00e9s de loisirs au lendemain de la p\u00e9riode de confinement, elles laissent pr\u00e9sager un engouement durable, voire amplifi\u00e9, pour des formes de tourisme bas\u00e9es sur la proximit\u00e9, la d\u00e9couverte et l\u2019authenticit\u00e9 , et font du grand Paris une \u00e9chelle de pr\u00e9dilection pour le d\u00e9veloppement d\u2019un tourisme soutenable, tourn\u00e9 \u00e0 la fois vers les habitant\u00b7e\u00b7s et l\u2019accueil de touristes ext\u00e9rieur\u00b7e\u00b7s.<\/p>\n\n\n\n<p><em><strong>Enqu\u00eate r\u00e9alis\u00e9e en ligne aupr\u00e8s des 70.000 abonn\u00e9\u00b7e\u00b7s \u00e0 la newsletter <a href=\"https:\/\/exploreparis.com\/fr\/\" target=\"_blank\" rel=\"noreferrer noopener\" aria-label=\"exploreparis.com (s\u2019ouvre dans un nouvel onglet)\">exploreparis.com<\/a>. R\u00e9sultats pr\u00e9sent\u00e9s sur la base des 2.403 r\u00e9ponses recueillies entre le 10 et le 24 avril 2020.<\/strong><\/em><\/p>\n\n\n\n<p><em>#ExploreParis a \u00e9t\u00e9 cr\u00e9\u00e9 en juin 2018 par la fusion des boutiques en ligne tourisme-valdemarne.com et tourisme93.com, dans le cadre du travail collaboratif qui les unit \u00e0 l\u2019Office du Tourisme et des Congr\u00e8s de Paris, le D\u00e9partement des Hauts-de-Seine, la RATP, le Welcome City Lab, l\u2019IREST et Atout France<\/em><\/p>\n\n\n\n<h2 class=\"wp-block-heading\">I\/ Projets touristiques et de loisirs au sortir du confinement<\/h2>\n\n\n\n<p><em>\u00ab<\/em><strong><em> Au sortir de la crise sanitaire, et d\u00e8s lors que les mesures de confinement seront lev\u00e9es <\/em><\/strong><em>\u00bb<\/em>, 43% des r\u00e9pondant\u00b7e\u00b7s indiquent qu\u2019il\u00b7elle\u00b7s <em>\u00ab<\/em><strong><em> resteront prudent\u00b7e\u00b7s tant que toutes les mesures de distanciation sociale n\u2019auront pas \u00e9t\u00e9 lev\u00e9es <\/em><\/strong><em>\u00bb<\/em>, tandis que 37% souhaitent pouvoir <em>\u00ab<\/em><strong><em> reprendre leur rythme de sorties habituel<\/em><\/strong><em> \u00bb<\/em> et que 16% anticipent m\u00eame <em>\u00ab <\/em><strong><em>avoir besoin de multiplier les sorties culturelles et de loisirs <\/em><\/strong><em>\u00bb<\/em>. Il est \u00e0 noter que seul\u00b7e\u00b7s 4% estiment qu\u2019il\u00b7elle\u00b7s auront <em>\u00ab <strong>envie de faire un grand voyage<\/strong> \u00bb<\/em>, alors qu\u2019il\u00b7elle\u00b7s sont 66% \u00e0 voyager habituellement \u00e0 l\u2019\u00e9tranger une ou plusieurs fois par an.<\/p>\n\n\n\n<figure class=\"wp-block-image\"><a href=\"https:\/\/www.tourisme-valdemarne.com\/espace-pro\/wp-content\/uploads\/sites\/3\/2020\/04\/enquete1.jpg\"><img data-src=\"https:\/\/www.tourisme-valdemarne.com\/espace-pro\/wp-content\/uploads\/sites\/3\/2020\/04\/enquete1.jpg\" alt=\"enquete grand paris graphique\" class=\"wp-image-9644\"\/><\/a><\/figure>\n\n\n\n<p>A la question de savoir si <em>\u00ab <\/em><strong><em>la crise sanitaire actuelle doit faire r\u00e9fl\u00e9chir<\/em><\/strong><em> \u00bb<\/em> \u00e0 la fa\u00e7on dont le tourisme est organis\u00e9, notamment <em>\u00ab <\/em><strong><em>dans les grandes villes<\/em><\/strong><em> \u00bb<\/em>, il\u00b7elle\u00b7s sont une tr\u00e8s large majorit\u00e9 (87%) \u00e0 r\u00e9pondre par l\u2019affirmative.<\/p>\n\n\n\n<figure class=\"wp-block-image\"><a href=\"https:\/\/www.tourisme-valdemarne.com\/espace-pro\/wp-content\/uploads\/sites\/3\/2020\/04\/enquete2.jpg\"><img data-src=\"https:\/\/www.tourisme-valdemarne.com\/espace-pro\/wp-content\/uploads\/sites\/3\/2020\/04\/enquete2.jpg\" alt=\"enquete grand paris graphique\" class=\"wp-image-9645\"\/><\/a><\/figure>\n\n\n\n<p>Et ce, d\u2019autant que <em>\u00ab <\/em><strong><em>l\u2019impact du tourisme sur le d\u00e9r\u00e8glement climatique<\/em><\/strong><em> \u00bb<\/em> est jug\u00e9 fort \u00e0 tr\u00e8s fort par 70% des r\u00e9pondant\u00b7e\u00b7s.<\/p>\n\n\n\n<figure class=\"wp-block-image\"><a href=\"https:\/\/www.tourisme-valdemarne.com\/espace-pro\/wp-content\/uploads\/sites\/3\/2020\/04\/enquete3.jpg\"><img data-src=\"https:\/\/www.tourisme-valdemarne.com\/espace-pro\/wp-content\/uploads\/sites\/3\/2020\/04\/enquete3.jpg\" alt=\"enquete grand paris graphique\" class=\"wp-image-9646\"\/><\/a><\/figure>\n\n\n\n<h2 class=\"wp-block-heading\">II\/ Tourisme et proximit\u00e9<\/h2>\n\n\n\n<p>Si, sans surprise, les r\u00e9pondant\u00b7e\u00b7s font entrer les <strong>voyages de loisirs \u00e0 l\u2019\u00e9tranger<\/strong> (77%) et les <strong>voyages en France<\/strong> (66%) dans le champ du tourisme, il est significatif de noter que les personnes interrog\u00e9es y placent \u00e9galement, pour la majorit\u00e9 d\u2019entre elles, les <strong>promenades urbaines<\/strong> (63%), les <strong>promenades fluviales<\/strong> (58%), et les <strong>visites d\u2019entreprises<\/strong> (51%). Quoique minoritaire, une proportion significative de r\u00e9pondant\u00b7e\u00b7s place \u00e9galement les <strong>sorties culturelles<\/strong> (42%), les <strong>parcours urbains d\u2019art contemporain et de street-art<\/strong> (41%) et m\u00eame les <strong>promenades dans la nature<\/strong> (32%) au rang d\u2019activit\u00e9 touristique.<\/p>\n\n\n\n<figure class=\"wp-block-image\"><a href=\"https:\/\/www.tourisme-valdemarne.com\/espace-pro\/wp-content\/uploads\/sites\/3\/2020\/04\/enquete4.jpg\"><img data-src=\"https:\/\/www.tourisme-valdemarne.com\/espace-pro\/wp-content\/uploads\/sites\/3\/2020\/04\/enquete4.jpg\" alt=\"enquete grand paris graphique\" class=\"wp-image-9647\"\/><\/a><\/figure>\n\n\n\n<p>Il est \u00e0 noter, parce que c\u2019est une surprise, que la <strong><em>distance par rapport \u00e0 son lieu de domicile<\/em><\/strong>, ou m\u00eame le fait de <em><strong>passer au moins une nuit en dehors de chez soi, <\/strong><\/em><strong>ne constituent pas des crit\u00e8res pour juger du caract\u00e8re touristique d\u2019une activit\u00e9 ou du sentiment d\u2019\u00eatre en vacances<\/strong>.<\/p>\n\n\n\n<p>Ainsi, 65% des r\u00e9pondant\u00b7e\u00b7s sont en d\u00e9saccord avec l\u2019affirmation selon laquelle <em>\u00ab <strong>si je ne passe pas une nuit en dehors de chez moi, je n\u2019ai pas l\u2019impression de faire du tourisme<\/strong> \u00bb<\/em>, et 74% avec celle selon laquelle \u00ab <strong><em>si je ne voyage pas loin de chez moi, je n\u2019ai pas l\u2019impression d\u2019\u00eatre en vacances<\/em><\/strong> \u00bb.<\/p>\n\n\n\n<figure class=\"wp-block-image\"><a href=\"https:\/\/www.tourisme-valdemarne.com\/espace-pro\/wp-content\/uploads\/sites\/3\/2020\/04\/enquete5a.jpg\"><img data-src=\"https:\/\/www.tourisme-valdemarne.com\/espace-pro\/wp-content\/uploads\/sites\/3\/2020\/04\/enquete5a.jpg\" alt=\"enquete grand paris graphique\" class=\"wp-image-9648\"\/><\/a><\/figure>\n\n\n\n<figure class=\"wp-block-image\"><a href=\"https:\/\/www.tourisme-valdemarne.com\/espace-pro\/wp-content\/uploads\/sites\/3\/2020\/04\/enquete5b.jpg\"><img data-src=\"https:\/\/www.tourisme-valdemarne.com\/espace-pro\/wp-content\/uploads\/sites\/3\/2020\/04\/enquete5b.jpg\" alt=\"enquete grand paris graphique\" class=\"wp-image-9649\"\/><\/a><\/figure>\n\n\n\n<p>Ce sentiment de faire du tourisme m\u00eame pr\u00e8s de chez soi, ou m\u00eame dans le cadre d\u2019une \u00ab excursion \u00bb, n\u2019est pas le fait d\u2019un public qui n\u2019aurait pas, par ailleurs, le go\u00fbt du voyage, puisque parall\u00e8lement, 87% des r\u00e9pondant\u00b7e\u00b7s estiment que \u00ab <em><strong>les voyages \u00e0 l\u2019\u00e9tranger sont essentiels pour s\u2019ouvrir sur le monde<\/strong><\/em> \u00bb.<\/p>\n\n\n\n<figure class=\"wp-block-image\"><a href=\"https:\/\/www.tourisme-valdemarne.com\/espace-pro\/wp-content\/uploads\/sites\/3\/2020\/04\/enquete6.jpg\"><img data-src=\"https:\/\/www.tourisme-valdemarne.com\/espace-pro\/wp-content\/uploads\/sites\/3\/2020\/04\/enquete6.jpg\" alt=\"enquete grand paris graphique\" class=\"wp-image-9650\"\/><\/a><\/figure>\n\n\n\n<h2 class=\"wp-block-heading\">III\/ Tourisme et Grand Paris<\/h2>\n\n\n\n<p>L\u2019enseignement le plus spectaculaire de cette enqu\u00eate est que le tourisme \u00e0 Paris se vit \u00e0 l\u2019\u00e9chelle du grand Paris.<\/p>\n\n\n\n<p>A cet \u00e9gard, il n\u2019est pas anodin que l\u2019affirmation qui recueille l\u2019assentiment le plus \u00e9lev\u00e9, quasi unanime (<strong>99%<\/strong>), est celle selon laquelle \u00ab<strong><em> le p\u00e9riph\u00e9rique ne doit pas \u00eatre une barri\u00e8re pour d\u00e9couvrir les richesses patrimoniales de la R\u00e9gion parisienne<\/em><\/strong> \u00bb.<\/p>\n\n\n\n<figure class=\"wp-block-image\"><a href=\"https:\/\/www.tourisme-valdemarne.com\/espace-pro\/wp-content\/uploads\/sites\/3\/2020\/04\/enquete7.jpg\"><img data-src=\"https:\/\/www.tourisme-valdemarne.com\/espace-pro\/wp-content\/uploads\/sites\/3\/2020\/04\/enquete7.jpg\" alt=\"enquete grand paris graphique\" class=\"wp-image-9651\"\/><\/a><\/figure>\n\n\n\n<p>Ce r\u00e9sultat est d\u2019autant plus significatif, que les r\u00e9pondant\u00b7e\u00b7s \u00e0 notre enqu\u00eate se r\u00e9partissent de mani\u00e8re \u00e9quilibr\u00e9e entre habitant\u00b7e\u00b7s de Paris intra-muros (26% des r\u00e9pondant\u00b7e\u00b7s), habitant\u00b7e\u00b7s des d\u00e9partements de la petite couronne (53%), habitant\u00b7e\u00b7s de grande couronne (13%), les touristes fran\u00e7ais.e\u00b7s ou \u00e9tranger.e\u00b7s en constituant une part plus marginale (8%).<\/p>\n\n\n\n<p>Les r\u00e9pondant\u00b7e\u00b7s sont convaincus \u00e0 87% qu\u2019il y a pr\u00e8s de chez eux \u00ab <em><strong>de nombreux sites d\u2019int\u00e9r\u00eat touristique qu\u2019il\u00b7elle\u00b7s ne connaissent pas<\/strong><\/em> \u00bb et sont par ailleurs enclin\u00b7e\u00b7s, pour 88%, \u00e0 privil\u00e9gier pour leurs loisirs les lieux o\u00f9 il y a peu de touristes.<\/p>\n\n\n\n<figure class=\"wp-block-image\"><a href=\"https:\/\/www.tourisme-valdemarne.com\/espace-pro\/wp-content\/uploads\/sites\/3\/2020\/04\/enquete8.jpg\"><img data-src=\"https:\/\/www.tourisme-valdemarne.com\/espace-pro\/wp-content\/uploads\/sites\/3\/2020\/04\/enquete8.jpg\" alt=\"enquete grand paris graphique\" class=\"wp-image-9652\"\/><\/a><\/figure>\n\n\n\n<figure class=\"wp-block-image\"><a href=\"https:\/\/www.tourisme-valdemarne.com\/espace-pro\/wp-content\/uploads\/sites\/3\/2020\/04\/enquete8b.jpg\"><img data-src=\"https:\/\/www.tourisme-valdemarne.com\/espace-pro\/wp-content\/uploads\/sites\/3\/2020\/04\/enquete8b.jpg\" alt=\"enquete grand paris graphique\" class=\"wp-image-9653\"\/><\/a><\/figure>\n\n\n\n<p>Il est \u00e0 noter que, bien que tr\u00e8s majoritairement francilien\u00b7ne\u00b7s, les r\u00e9pondant\u00b7e\u00b7s ne formulent pas cette observation uniquement pour eux\u00b7elles-m\u00eames, mais consid\u00e8rent au contraire \u00e0 92% qu\u2019il est important de \u00ab <strong><em>mieux faire conna\u00eetre aux touristes \u00e9tranger\u00b7e\u00b7s ce qu\u2019il y a \u00e0 voir en dehors du centre de Paris<\/em><\/strong> \u00bb.<\/p>\n\n\n\n<p>En \u00e9cho, il\u00b7elle\u00b7s sont \u00e9galement unanimes (97%), \u00e0 d\u00e9clarer lorsqu\u2019il\u00b7elle\u00b7s voyagent \u00ab <em><strong>aimer d\u00e9couvrir la fa\u00e7on dont vivent les gens<\/strong><\/em> \u00bb.<\/p>\n\n\n\n<figure class=\"wp-block-image\"><a href=\"https:\/\/www.tourisme-valdemarne.com\/espace-pro\/wp-content\/uploads\/sites\/3\/2020\/04\/enquete9.jpg\"><img data-src=\"https:\/\/www.tourisme-valdemarne.com\/espace-pro\/wp-content\/uploads\/sites\/3\/2020\/04\/enquete9.jpg\" alt=\"enquete grand paris graphique\" class=\"wp-image-9654\"\/><\/a><\/figure>\n\n\n\n<p><strong>Autant de r\u00e9sultats qui expriment les attentes autour d\u2019un tourisme profond\u00e9ment renouvel\u00e9 \u2013 authentique, humain, accessible \u2013 et n\u00e9anmoins de qualit\u00e9. On peut y lire une invitation, pour les professionnels du tourisme \u00e0 Paris et dans sa r\u00e9gion, \u00e0 donner plus de place au Paris insolite, plus loin de l\u2019hyper-centre touristique classique, et \u00e0 en promouvoir partout les expressions, y compris aupr\u00e8s d\u2019une client\u00e8le internationale.<\/strong><\/p>\n\n\n\n<h2 class=\"wp-block-heading\">IV\/ Tourisme et #ExploreParis<\/h2>\n\n\n\n<p>Pour finir, des questions portaient sur le contenu de l\u2019offre de la plateforme #ExploreParis.<\/p>\n\n\n\n<p>D\u2019abord reconnue pour pr\u00e9senter \u00ab <em><strong>des opportunit\u00e9s pour d\u00e9couvrir Paris \u00e0 travers des th\u00e9matiques vari\u00e9es<\/strong><\/em> \u00bb (82%), ou comme mani\u00e8re de \u00ab <strong><em>d\u00e9couvrir Paris hors des sentiers battus<\/em><\/strong> \u00bb (78%), elle est largement associ\u00e9e \u00e0 \u00ab la d\u00e9couverte de Paris \u00e0 l\u2019\u00e9chelle du \u00ab grand Paris \u00bb \u00bb (57%).<\/p>\n\n\n\n<figure class=\"wp-block-image\"><a href=\"https:\/\/www.tourisme-valdemarne.com\/espace-pro\/wp-content\/uploads\/sites\/3\/2020\/04\/enquete10.jpg\"><img data-src=\"https:\/\/www.tourisme-valdemarne.com\/espace-pro\/wp-content\/uploads\/sites\/3\/2020\/04\/enquete10.jpg\" alt=\"enquete grand paris graphique\" class=\"wp-image-9655\"\/><\/a><\/figure>\n\n\n\n<p>On y apprend aussi que parmi les crit\u00e8res les plus prescripteurs pour l\u2019inscription \u00e0 une visite, se trouvent l\u2019int\u00e9r\u00eat de <strong><em>son th\u00e8me<\/em><\/strong> (79%) puis <em><strong>son caract\u00e8re insolite<\/strong><\/em> (65%). <strong><em>La proximit\u00e9<\/em><\/strong> (30%) et <em><strong>le prix<\/strong><\/em> (24%) apparaissent comme des crit\u00e8res secondaires pour les r\u00e9pondant\u00b7e\u00b7s. Il ne s\u2019agit donc pas d\u2019un <em><strong>tourisme bas de gamme<\/strong><\/em>, ou simplement <em><strong>en bas de chez soi<\/strong><\/em>, mais bien d\u2019un tourisme de d\u00e9couverte pour lequel on est pr\u00eat \u00e0 traverser Paris et sa r\u00e9gion.<\/p>\n\n\n\n<figure class=\"wp-block-image\"><a href=\"https:\/\/www.tourisme-valdemarne.com\/espace-pro\/wp-content\/uploads\/sites\/3\/2020\/04\/enquete11.jpg\"><img data-src=\"https:\/\/www.tourisme-valdemarne.com\/espace-pro\/wp-content\/uploads\/sites\/3\/2020\/04\/enquete11.jpg\" alt=\"enquete grand paris graphique\" class=\"wp-image-9656\"\/><\/a><\/figure>\n\n\n\n<p>Une autre question nous apprend que pour traverser Paris et sa r\u00e9gion, le moyen privil\u00e9gi\u00e9 est sans conteste les transports en commun tous modes (65%, dont 9% exclusivement le m\u00e9tro). Seul\u00b7e\u00b7s 17% utilisent leur v\u00e9hicule pour ce type de sorties.<\/p>\n\n\n\n<p>Il est int\u00e9ressant \u00e9galement de constater que ce type de tourisme <strong><em>grand parisien<\/em><\/strong> int\u00e9resse tous les publics, \u00e9quitablement r\u00e9partis dans \u00e0 peu pr\u00e8s toutes les cat\u00e9gories ou configurations : 29% s\u2019y inscrivent <strong><em>seul\u00b7e\u00b7s<\/em><\/strong>, 29% <em><strong>en couple<\/strong><\/em>, 17% avec des <strong><em>ami\u00b7e\u00b7s<\/em><\/strong>, 6% <em><strong>avec des enfants<\/strong><\/em>, tandis que les autres r\u00e9pondant\u00b7e\u00b7s (19%) disent mixer <em><strong>indistinctement toutes les fa\u00e7ons possibles<\/strong><\/em>.<\/p>\n\n\n\n<figure class=\"wp-block-image\"><a href=\"https:\/\/www.tourisme-valdemarne.com\/espace-pro\/wp-content\/uploads\/sites\/3\/2020\/04\/enquete12.jpg\"><img data-src=\"https:\/\/www.tourisme-valdemarne.com\/espace-pro\/wp-content\/uploads\/sites\/3\/2020\/04\/enquete12.jpg\" alt=\"enquete grand paris graphique\" class=\"wp-image-9657\"\/><\/a><\/figure>\n\n\n\n<p>Si l\u2019offre d\u2019#ExploreParis suscite une satisfaction unanime (97% des r\u00e9pondant\u00b7e\u00b7s qui disent \u00ab <strong><em>fr\u00e9quenter suffisamment la plateforme pour avoir un avis<\/em><\/strong> \u00bb, dont 30% de tr\u00e8s satisfait\u00b7e\u00b7s), la satisfaction est moindre quant aux dates propos\u00e9es ou disponibles (78% de ceux.elles qui ont un avis, parmi lesquel\u00b7le\u00b7s 13% de tr\u00e8s satisfait\u00b7e\u00b7s), avec 22% d\u2019utilisateur\u00b7trice\u00b7s ayant un avis qui se disent d\u00e9\u00e7u\u00b7e\u00b7s ou tr\u00e8s d\u00e9\u00e7u\u00b7e\u00b7s sur ce point. Il convient de noter sur ce dernier point que les partenaires d\u2019#ExploreParis peinent parfois \u00e0 proposer de nombreuses dates pour une visite et certaines des visites propos\u00e9es rev\u00eatent, par leur nature m\u00eame, un caract\u00e8re exceptionnel (visites d\u2019entreprises, ouverture de lieux insolites non ouverts g\u00e9n\u00e9ralement au grand public\u2026).<\/p>\n\n\n\n<figure class=\"wp-block-image\"><a href=\"https:\/\/www.tourisme-valdemarne.com\/espace-pro\/wp-content\/uploads\/sites\/3\/2020\/04\/enquete13a.jpg\"><img data-src=\"https:\/\/www.tourisme-valdemarne.com\/espace-pro\/wp-content\/uploads\/sites\/3\/2020\/04\/enquete13a.jpg\" alt=\"enquete grand paris graphique\" class=\"wp-image-9658\"\/><\/a><\/figure>\n\n\n\n<figure class=\"wp-block-image\"><a href=\"https:\/\/www.tourisme-valdemarne.com\/espace-pro\/wp-content\/uploads\/sites\/3\/2020\/04\/enquete13b.jpg\"><img data-src=\"https:\/\/www.tourisme-valdemarne.com\/espace-pro\/wp-content\/uploads\/sites\/3\/2020\/04\/enquete13b.jpg\" alt=\"enquete grand paris graphique\" class=\"wp-image-9659\"\/><\/a><\/figure>\n\n\n\n<p><strong>La juxtaposition de ces r\u00e9sultats souligne l\u2019absolue n\u00e9cessit\u00e9 qu\u2019il y a \u00e0 soutenir non seulement le d\u00e9veloppement et la promotion des formes touristiques exp\u00e9rientielles, \u00e0 la rencontre des gens qui vivent et travaillent sur les territoires mais aussi les acteurs qui les portent dans #ExploreParis et qui sont pour beaucoup encore \u00e9loign\u00e9s du monde du tourisme. On le voit, ces formes de tourisme r\u00e9pondent fortement aux attentes des visiteurs et ce, particuli\u00e8rement dans la p\u00e9riode post-crise sanitaire.<\/strong><\/p>\n\n\n\n<p class=\"is-style-highlight\">D\u00e9couvrez le <a href=\"https:\/\/www.tourisme-valdemarne.com\/espace-pro\/et-si-le-tourisme-de-demain-se-jouait-dans-les-nouvelles-proximites\/\" target=\"_blank\" rel=\"noreferrer noopener\">communiqu\u00e9 de presse des pr\u00e9sidents de Seine-Saint-Denis Tourisme et de Val-de-Marne Tourisme et Loisirs<\/a>, Dominique Dellac et Gilles Saint-Gal \u00e0 propos de l\u2019enqu\u00eate Explore Paris.<\/p>\n","protected":false},"excerpt":{"rendered":"<p>Afin d\u2019anticiper sur les usages de loisirs et de tourisme au sortir de la crise sanitaire actuelle, l\u2019agence d\u00e9partementale de tourisme de la Seine-Saint-Denis et le comit\u00e9 d\u00e9partemental du tourisme du Val-de-Marne ont men\u00e9 une enqu\u00eate aupr\u00e8s des 70.000 usagers de la plateforme #ExploreParis. Si les r\u00e9sultats de l\u2019enqu\u00eate augurent d\u2019une reprise prudente des activit\u00e9s [&hellip;]<\/p>\n","protected":false},"author":1,"featured_media":2850,"parent":13,"menu_order":94,"comment_status":"closed","ping_status":"closed","template":"","meta":{"_relevanssi_hide_post":"","_relevanssi_hide_content":"","_relevanssi_pin_for_all":"","_relevanssi_pin_keywords":"","_relevanssi_unpin_keywords":"","_relevanssi_related_keywords":"","_relevanssi_related_include_ids":"","_relevanssi_related_exclude_ids":"","_relevanssi_related_no_append":"","_relevanssi_related_not_related":"","_relevanssi_related_posts":"2741,2745,2749,442,2751,444","_relevanssi_noindex_reason":"","footnotes":""},"vdmTagMarketing":[],"class_list":["post-8263","page","type-page","status-publish","has-post-thumbnail","hentry"],"acf":[],"yoast_head":"<!-- This site is optimized with the Yoast SEO plugin v23.9 - https:\/\/yoast.com\/wordpress\/plugins\/seo\/ -->\n<title>Le Grand Paris territoire de pr\u00e9dilection pour le tourisme de demain - Espace Pro<\/title>\n<meta name=\"description\" content=\"D\u00e9couvrez les r\u00e9sultats de l&#039;enqu\u00eate exclusive concernant les perspectives du tourisme de demain dans le Grand Paris suite \u00e0 la crise du coronavirus.\" \/>\n<meta name=\"robots\" content=\"index, follow, max-snippet:-1, max-image-preview:large, max-video-preview:-1\" \/>\n<link rel=\"canonical\" href=\"https:\/\/www.tourisme-valdemarne.com\/espace-pro\/observatoire-du-tourisme\/le-grand-paris-territoire-de-predilection-pour-le-tourisme-de-demain\/\" \/>\n<meta property=\"og:locale\" content=\"fr_FR\" \/>\n<meta property=\"og:type\" content=\"article\" \/>\n<meta property=\"og:title\" content=\"Le Grand Paris territoire de pr\u00e9dilection pour le tourisme de demain - Espace Pro\" \/>\n<meta property=\"og:description\" content=\"D\u00e9couvrez les r\u00e9sultats de l&#039;enqu\u00eate exclusive concernant les perspectives du tourisme de demain dans le Grand Paris suite \u00e0 la crise du coronavirus.\" \/>\n<meta property=\"og:url\" content=\"https:\/\/www.tourisme-valdemarne.com\/espace-pro\/observatoire-du-tourisme\/le-grand-paris-territoire-de-predilection-pour-le-tourisme-de-demain\/\" \/>\n<meta property=\"og:site_name\" content=\"Espace Pro\" \/>\n<meta property=\"article:modified_time\" content=\"2024-02-13T13:21:46+00:00\" \/>\n<meta property=\"og:image\" content=\"https:\/\/www.tourisme-valdemarne.com\/espace-pro\/wp-content\/uploads\/sites\/3\/2019\/05\/randonnee-pied-foret-notre-dame-cp-crt.jpg\" \/>\n\t<meta property=\"og:image:width\" content=\"1600\" \/>\n\t<meta property=\"og:image:height\" content=\"1068\" \/>\n\t<meta property=\"og:image:type\" content=\"image\/jpeg\" \/>\n<meta name=\"twitter:card\" content=\"summary_large_image\" \/>\n<meta name=\"twitter:label1\" content=\"Dur\u00e9e de lecture estim\u00e9e\" \/>\n\t<meta name=\"twitter:data1\" content=\"11 minutes\" \/>\n<script type=\"application\/ld+json\" class=\"yoast-schema-graph\">{\"@context\":\"https:\/\/schema.org\",\"@graph\":[{\"@type\":\"WebPage\",\"@id\":\"https:\/\/www.tourisme-valdemarne.com\/espace-pro\/observatoire-du-tourisme\/le-grand-paris-territoire-de-predilection-pour-le-tourisme-de-demain\/\",\"url\":\"https:\/\/www.tourisme-valdemarne.com\/espace-pro\/observatoire-du-tourisme\/le-grand-paris-territoire-de-predilection-pour-le-tourisme-de-demain\/\",\"name\":\"Le Grand Paris territoire de pr\u00e9dilection pour le tourisme de demain - Espace Pro\",\"isPartOf\":{\"@id\":\"https:\/\/www.tourisme-valdemarne.com\/espace-pro\/#website\"},\"primaryImageOfPage\":{\"@id\":\"https:\/\/www.tourisme-valdemarne.com\/espace-pro\/observatoire-du-tourisme\/le-grand-paris-territoire-de-predilection-pour-le-tourisme-de-demain\/#primaryimage\"},\"image\":{\"@id\":\"https:\/\/www.tourisme-valdemarne.com\/espace-pro\/observatoire-du-tourisme\/le-grand-paris-territoire-de-predilection-pour-le-tourisme-de-demain\/#primaryimage\"},\"thumbnailUrl\":\"https:\/\/www.tourisme-valdemarne.com\/espace-pro\/wp-content\/uploads\/sites\/3\/2019\/05\/randonnee-pied-foret-notre-dame-cp-crt.jpg\",\"datePublished\":\"2020-12-10T21:42:11+00:00\",\"dateModified\":\"2024-02-13T13:21:46+00:00\",\"description\":\"D\u00e9couvrez les r\u00e9sultats de l'enqu\u00eate exclusive concernant les perspectives du tourisme de demain dans le Grand Paris suite \u00e0 la crise du coronavirus.\",\"breadcrumb\":{\"@id\":\"https:\/\/www.tourisme-valdemarne.com\/espace-pro\/observatoire-du-tourisme\/le-grand-paris-territoire-de-predilection-pour-le-tourisme-de-demain\/#breadcrumb\"},\"inLanguage\":\"fr-FR\",\"potentialAction\":[{\"@type\":\"ReadAction\",\"target\":[\"https:\/\/www.tourisme-valdemarne.com\/espace-pro\/observatoire-du-tourisme\/le-grand-paris-territoire-de-predilection-pour-le-tourisme-de-demain\/\"]}]},{\"@type\":\"ImageObject\",\"inLanguage\":\"fr-FR\",\"@id\":\"https:\/\/www.tourisme-valdemarne.com\/espace-pro\/observatoire-du-tourisme\/le-grand-paris-territoire-de-predilection-pour-le-tourisme-de-demain\/#primaryimage\",\"url\":\"https:\/\/www.tourisme-valdemarne.com\/espace-pro\/wp-content\/uploads\/sites\/3\/2019\/05\/randonnee-pied-foret-notre-dame-cp-crt.jpg\",\"contentUrl\":\"https:\/\/www.tourisme-valdemarne.com\/espace-pro\/wp-content\/uploads\/sites\/3\/2019\/05\/randonnee-pied-foret-notre-dame-cp-crt.jpg\",\"width\":1600,\"height\":1068,\"caption\":\"Randonn\u00e9e en for\u00eat de notre dame \u00a9 CRT Paris Ile-de-France\/Amelie Laurin\"},{\"@type\":\"BreadcrumbList\",\"@id\":\"https:\/\/www.tourisme-valdemarne.com\/espace-pro\/observatoire-du-tourisme\/le-grand-paris-territoire-de-predilection-pour-le-tourisme-de-demain\/#breadcrumb\",\"itemListElement\":[{\"@type\":\"ListItem\",\"position\":1,\"name\":\"Accueil\",\"item\":\"https:\/\/www.tourisme-valdemarne.com\/espace-pro\/\"},{\"@type\":\"ListItem\",\"position\":2,\"name\":\"Observatoire du tourisme\",\"item\":\"https:\/\/www.tourisme-valdemarne.com\/espace-pro\/observatoire-du-tourisme\/\"},{\"@type\":\"ListItem\",\"position\":3,\"name\":\"Enqu\u00eate exclusive : Le Grand Paris territoire de pr\u00e9dilection pour le tourisme de demain\"}]},{\"@type\":\"WebSite\",\"@id\":\"https:\/\/www.tourisme-valdemarne.com\/espace-pro\/#website\",\"url\":\"https:\/\/www.tourisme-valdemarne.com\/espace-pro\/\",\"name\":\"Espace Pro\",\"description\":\"Informations et outils pour les professionnels et la Presse\",\"potentialAction\":[{\"@type\":\"SearchAction\",\"target\":{\"@type\":\"EntryPoint\",\"urlTemplate\":\"https:\/\/www.tourisme-valdemarne.com\/espace-pro\/?s={search_term_string}\"},\"query-input\":{\"@type\":\"PropertyValueSpecification\",\"valueRequired\":true,\"valueName\":\"search_term_string\"}}],\"inLanguage\":\"fr-FR\"}]}<\/script>\n<!-- \/ Yoast SEO plugin. -->","yoast_head_json":{"title":"Le Grand Paris territoire de pr\u00e9dilection pour le tourisme de demain - Espace Pro","description":"D\u00e9couvrez les r\u00e9sultats de l'enqu\u00eate exclusive concernant les perspectives du tourisme de demain dans le Grand Paris suite \u00e0 la crise du coronavirus.","robots":{"index":"index","follow":"follow","max-snippet":"max-snippet:-1","max-image-preview":"max-image-preview:large","max-video-preview":"max-video-preview:-1"},"canonical":"https:\/\/www.tourisme-valdemarne.com\/espace-pro\/observatoire-du-tourisme\/le-grand-paris-territoire-de-predilection-pour-le-tourisme-de-demain\/","og_locale":"fr_FR","og_type":"article","og_title":"Le Grand Paris territoire de pr\u00e9dilection pour le tourisme de demain - Espace Pro","og_description":"D\u00e9couvrez les r\u00e9sultats de l'enqu\u00eate exclusive concernant les perspectives du tourisme de demain dans le Grand Paris suite \u00e0 la crise du coronavirus.","og_url":"https:\/\/www.tourisme-valdemarne.com\/espace-pro\/observatoire-du-tourisme\/le-grand-paris-territoire-de-predilection-pour-le-tourisme-de-demain\/","og_site_name":"Espace Pro","article_modified_time":"2024-02-13T13:21:46+00:00","og_image":[{"width":1600,"height":1068,"url":"https:\/\/www.tourisme-valdemarne.com\/espace-pro\/wp-content\/uploads\/sites\/3\/2019\/05\/randonnee-pied-foret-notre-dame-cp-crt.jpg","type":"image\/jpeg"}],"twitter_card":"summary_large_image","twitter_misc":{"Dur\u00e9e de lecture estim\u00e9e":"11 minutes"},"schema":{"@context":"https:\/\/schema.org","@graph":[{"@type":"WebPage","@id":"https:\/\/www.tourisme-valdemarne.com\/espace-pro\/observatoire-du-tourisme\/le-grand-paris-territoire-de-predilection-pour-le-tourisme-de-demain\/","url":"https:\/\/www.tourisme-valdemarne.com\/espace-pro\/observatoire-du-tourisme\/le-grand-paris-territoire-de-predilection-pour-le-tourisme-de-demain\/","name":"Le Grand Paris territoire de pr\u00e9dilection pour le tourisme de demain - Espace Pro","isPartOf":{"@id":"https:\/\/www.tourisme-valdemarne.com\/espace-pro\/#website"},"primaryImageOfPage":{"@id":"https:\/\/www.tourisme-valdemarne.com\/espace-pro\/observatoire-du-tourisme\/le-grand-paris-territoire-de-predilection-pour-le-tourisme-de-demain\/#primaryimage"},"image":{"@id":"https:\/\/www.tourisme-valdemarne.com\/espace-pro\/observatoire-du-tourisme\/le-grand-paris-territoire-de-predilection-pour-le-tourisme-de-demain\/#primaryimage"},"thumbnailUrl":"https:\/\/www.tourisme-valdemarne.com\/espace-pro\/wp-content\/uploads\/sites\/3\/2019\/05\/randonnee-pied-foret-notre-dame-cp-crt.jpg","datePublished":"2020-12-10T21:42:11+00:00","dateModified":"2024-02-13T13:21:46+00:00","description":"D\u00e9couvrez les r\u00e9sultats de l'enqu\u00eate exclusive concernant les perspectives du tourisme de demain dans le Grand Paris suite \u00e0 la crise du coronavirus.","breadcrumb":{"@id":"https:\/\/www.tourisme-valdemarne.com\/espace-pro\/observatoire-du-tourisme\/le-grand-paris-territoire-de-predilection-pour-le-tourisme-de-demain\/#breadcrumb"},"inLanguage":"fr-FR","potentialAction":[{"@type":"ReadAction","target":["https:\/\/www.tourisme-valdemarne.com\/espace-pro\/observatoire-du-tourisme\/le-grand-paris-territoire-de-predilection-pour-le-tourisme-de-demain\/"]}]},{"@type":"ImageObject","inLanguage":"fr-FR","@id":"https:\/\/www.tourisme-valdemarne.com\/espace-pro\/observatoire-du-tourisme\/le-grand-paris-territoire-de-predilection-pour-le-tourisme-de-demain\/#primaryimage","url":"https:\/\/www.tourisme-valdemarne.com\/espace-pro\/wp-content\/uploads\/sites\/3\/2019\/05\/randonnee-pied-foret-notre-dame-cp-crt.jpg","contentUrl":"https:\/\/www.tourisme-valdemarne.com\/espace-pro\/wp-content\/uploads\/sites\/3\/2019\/05\/randonnee-pied-foret-notre-dame-cp-crt.jpg","width":1600,"height":1068,"caption":"Randonn\u00e9e en for\u00eat de notre dame \u00a9 CRT Paris Ile-de-France\/Amelie Laurin"},{"@type":"BreadcrumbList","@id":"https:\/\/www.tourisme-valdemarne.com\/espace-pro\/observatoire-du-tourisme\/le-grand-paris-territoire-de-predilection-pour-le-tourisme-de-demain\/#breadcrumb","itemListElement":[{"@type":"ListItem","position":1,"name":"Accueil","item":"https:\/\/www.tourisme-valdemarne.com\/espace-pro\/"},{"@type":"ListItem","position":2,"name":"Observatoire du tourisme","item":"https:\/\/www.tourisme-valdemarne.com\/espace-pro\/observatoire-du-tourisme\/"},{"@type":"ListItem","position":3,"name":"Enqu\u00eate exclusive : Le Grand Paris territoire de pr\u00e9dilection pour le tourisme de demain"}]},{"@type":"WebSite","@id":"https:\/\/www.tourisme-valdemarne.com\/espace-pro\/#website","url":"https:\/\/www.tourisme-valdemarne.com\/espace-pro\/","name":"Espace Pro","description":"Informations et outils pour les professionnels et la Presse","potentialAction":[{"@type":"SearchAction","target":{"@type":"EntryPoint","urlTemplate":"https:\/\/www.tourisme-valdemarne.com\/espace-pro\/?s={search_term_string}"},"query-input":{"@type":"PropertyValueSpecification","valueRequired":true,"valueName":"search_term_string"}}],"inLanguage":"fr-FR"}]}},"_links":{"self":[{"href":"https:\/\/www.tourisme-valdemarne.com\/espace-pro\/wp-json\/wp\/v2\/pages\/8263","targetHints":{"allow":["GET"]}}],"collection":[{"href":"https:\/\/www.tourisme-valdemarne.com\/espace-pro\/wp-json\/wp\/v2\/pages"}],"about":[{"href":"https:\/\/www.tourisme-valdemarne.com\/espace-pro\/wp-json\/wp\/v2\/types\/page"}],"author":[{"embeddable":true,"href":"https:\/\/www.tourisme-valdemarne.com\/espace-pro\/wp-json\/wp\/v2\/users\/1"}],"replies":[{"embeddable":true,"href":"https:\/\/www.tourisme-valdemarne.com\/espace-pro\/wp-json\/wp\/v2\/comments?post=8263"}],"version-history":[{"count":4,"href":"https:\/\/www.tourisme-valdemarne.com\/espace-pro\/wp-json\/wp\/v2\/pages\/8263\/revisions"}],"predecessor-version":[{"id":26336,"href":"https:\/\/www.tourisme-valdemarne.com\/espace-pro\/wp-json\/wp\/v2\/pages\/8263\/revisions\/26336"}],"up":[{"embeddable":true,"href":"https:\/\/www.tourisme-valdemarne.com\/espace-pro\/wp-json\/wp\/v2\/pages\/13"}],"wp:featuredmedia":[{"embeddable":true,"href":"https:\/\/www.tourisme-valdemarne.com\/espace-pro\/wp-json\/wp\/v2\/media\/2850"}],"wp:attachment":[{"href":"https:\/\/www.tourisme-valdemarne.com\/espace-pro\/wp-json\/wp\/v2\/media?parent=8263"}],"wp:term":[{"taxonomy":"vdmTagMarketing","embeddable":true,"href":"https:\/\/www.tourisme-valdemarne.com\/espace-pro\/wp-json\/wp\/v2\/vdmTagMarketing?post=8263"}],"curies":[{"name":"wp","href":"https:\/\/api.w.org\/{rel}","templated":true}]}}