{"id":26986,"date":"2024-04-26T14:16:34","date_gmt":"2024-04-26T12:16:34","guid":{"rendered":"https:\/\/www.tourisme-valdemarne.com\/espace-pro\/?page_id=26986"},"modified":"2025-03-14T14:05:44","modified_gmt":"2025-03-14T13:05:44","slug":"cap-sur-la-marne-la-grande-aventure-les-8-et-9-juin","status":"publish","type":"page","link":"https:\/\/www.tourisme-valdemarne.com\/espace-pro\/presse\/actualites-et-communiques-de-presse\/communiques-de-presse-precedents\/cap-sur-la-marne-la-grande-aventure-les-8-et-9-juin\/","title":{"rendered":"Cap sur la Marne : La Grande Aventure, les 8 et 9 juin"},"content":{"rendered":"\n<p class=\"is-style-excerpt\">COMMUNIQUE DE PRESSE : La Grande aventure 2024<\/p>\n\n\n\n<h2 class=\"wp-block-heading\">La Grande Aventure : un week-end sportif et culturel sur (les bords de) la Marne<\/h2>\n\n\n\n<p>A pied, \u00e0 v\u00e9lo ou en cano\u00eb-kayak, les d\u00e9couvertes patrimoniales et curiosit\u00e9s culturelles rythmeront la programmation de \u00ab La Grande Aventure \u00bb imagin\u00e9e par le collectif Cap sur la Marne. Les 8 et 9 juin prochains, amoureux de nature et d\u2019histoire sont convi\u00e9s pour partir \u00e0 la conqu\u00eate des tr\u00e9sors cach\u00e9s des bords de Marne. Une belle occasion de (re)d\u00e9couvrir la Seine-et-Marne, la Seine-Saint-Denis et le Val-de-Marne au fil de l\u2019eau !<br>Labellis\u00e9e Olympiade Culturelle dans le cadre des Jeux Olympiques et Paralympiques 2024, \u00ab La Grande Aventure \u00bb promet de grands moments en famille ou entre amis.<\/p>\n\n\n\n<p>Informations et inscriptions : <a href=\"https:\/\/www.tourisme-valdemarne.com\/au-bord-de-l-eau\/lete-au-bord-de-l-eau\/lete-sur-les-bords-de-marne\/la-grande-aventure\/\" target=\"_blank\" rel=\"noreferrer noopener\">https:\/\/www.tourisme-valdemarne.com\/au-bord-de-l-eau\/lete-au-bord-de-l-eau\/lete-sur-les-bords-de-marne\/la-grande-aventure\/<\/a><\/p>\n\n\n\n<div class=\"wp-block-buttons is-layout-flex wp-block-buttons-is-layout-flex\">\n<div class=\"wp-block-button aligncenter\"><a class=\"wp-block-button__link\" href=\"https:\/\/www.tourisme-valdemarne.com\/espace-pro\/wp-content\/uploads\/sites\/3\/2024\/04\/cp2_grande_aventure_v2.pdf\" target=\"_blank\" rel=\"noreferrer noopener\">Lire le communiqu\u00e9 de presse complet<\/a><\/div>\n<\/div>\n\n\n\n<div class=\"wp-block-image\"><figure class=\"aligncenter size-large\"><img width=\"1200\" height=\"400\" data-src=\"https:\/\/www.tourisme-valdemarne.com\/espace-pro\/wp-content\/uploads\/sites\/3\/2024\/04\/banner_lga-2500x800-1-1200x400.jpg\" alt=\"\" class=\"wp-image-26987\" srcset=\"https:\/\/www.tourisme-valdemarne.com\/espace-pro\/wp-content\/uploads\/sites\/3\/2024\/04\/banner_lga-2500x800-1-1200x400.jpg 1200w, https:\/\/www.tourisme-valdemarne.com\/espace-pro\/wp-content\/uploads\/sites\/3\/2024\/04\/banner_lga-2500x800-1-600x200.jpg 600w, https:\/\/www.tourisme-valdemarne.com\/espace-pro\/wp-content\/uploads\/sites\/3\/2024\/04\/banner_lga-2500x800-1-900x300.jpg 900w, https:\/\/www.tourisme-valdemarne.com\/espace-pro\/wp-content\/uploads\/sites\/3\/2024\/04\/banner_lga-2500x800-1-1536x512.jpg 1536w, https:\/\/www.tourisme-valdemarne.com\/espace-pro\/wp-content\/uploads\/sites\/3\/2024\/04\/banner_lga-2500x800-1-380x127.jpg 380w, https:\/\/www.tourisme-valdemarne.com\/espace-pro\/wp-content\/uploads\/sites\/3\/2024\/04\/banner_lga-2500x800-1-200x67.jpg 200w, https:\/\/www.tourisme-valdemarne.com\/espace-pro\/wp-content\/uploads\/sites\/3\/2024\/04\/banner_lga-2500x800-1.jpg 2048w\" sizes=\"(max-width: 1200px) 100vw, 1200px\" \/><\/figure><\/div>\n","protected":false},"excerpt":{"rendered":"<p>COMMUNIQUE DE PRESSE : La Grande aventure 2024 La Grande Aventure : un week-end sportif et culturel sur (les bords de) la Marne A pied, \u00e0 v\u00e9lo ou en cano\u00eb-kayak, les d\u00e9couvertes patrimoniales et curiosit\u00e9s culturelles rythmeront la programmation de \u00ab La Grande Aventure \u00bb imagin\u00e9e par le collectif Cap sur la Marne. Les 8 [&hellip;]<\/p>\n","protected":false},"author":9,"featured_media":26988,"parent":2883,"menu_order":4,"comment_status":"closed","ping_status":"closed","template":"","meta":{"_relevanssi_hide_post":"","_relevanssi_hide_content":"","_relevanssi_pin_for_all":"","_relevanssi_pin_keywords":"","_relevanssi_unpin_keywords":"","_relevanssi_related_keywords":"","_relevanssi_related_include_ids":"","_relevanssi_related_exclude_ids":"","_relevanssi_related_no_append":"","_relevanssi_related_not_related":"","_relevanssi_related_posts":"8104,8090,2745,8101,2747,8105","_relevanssi_noindex_reason":"","footnotes":""},"vdmTagMarketing":[],"class_list":["post-26986","page","type-page","status-publish","has-post-thumbnail","hentry"],"acf":[],"yoast_head":"<!-- This site is optimized with the Yoast SEO plugin v23.9 - https:\/\/yoast.com\/wordpress\/plugins\/seo\/ -->\n<title>Cap sur la Marne : La Grande Aventure, les 8 et 9 juin - Espace Pro<\/title>\n<meta name=\"robots\" content=\"index, follow, max-snippet:-1, max-image-preview:large, max-video-preview:-1\" \/>\n<link rel=\"canonical\" href=\"https:\/\/www.tourisme-valdemarne.com\/espace-pro\/presse\/actualites-et-communiques-de-presse\/communiques-de-presse-precedents\/cap-sur-la-marne-la-grande-aventure-les-8-et-9-juin\/\" \/>\n<meta property=\"og:locale\" content=\"fr_FR\" \/>\n<meta property=\"og:type\" content=\"article\" \/>\n<meta property=\"og:title\" content=\"Cap sur la Marne : La Grande Aventure, les 8 et 9 juin - Espace Pro\" \/>\n<meta property=\"og:description\" content=\"COMMUNIQUE DE PRESSE : La Grande aventure 2024 La Grande Aventure : un week-end sportif et culturel sur (les bords de) la Marne A pied, \u00e0 v\u00e9lo ou en cano\u00eb-kayak, les d\u00e9couvertes patrimoniales et curiosit\u00e9s culturelles rythmeront la programmation de \u00ab La Grande Aventure \u00bb imagin\u00e9e par le collectif Cap sur la Marne. Les 8 [&hellip;]\" \/>\n<meta property=\"og:url\" content=\"https:\/\/www.tourisme-valdemarne.com\/espace-pro\/presse\/actualites-et-communiques-de-presse\/communiques-de-presse-precedents\/cap-sur-la-marne-la-grande-aventure-les-8-et-9-juin\/\" \/>\n<meta property=\"og:site_name\" content=\"Espace Pro\" \/>\n<meta property=\"article:modified_time\" content=\"2025-03-14T13:05:44+00:00\" \/>\n<meta property=\"og:image\" content=\"https:\/\/www.tourisme-valdemarne.com\/espace-pro\/wp-content\/uploads\/sites\/3\/2024\/04\/la-grande-aventure-c-cdt94-c.chowah-1.jpg\" \/>\n\t<meta property=\"og:image:width\" content=\"2048\" \/>\n\t<meta property=\"og:image:height\" content=\"1152\" \/>\n\t<meta property=\"og:image:type\" content=\"image\/jpeg\" \/>\n<meta name=\"twitter:card\" content=\"summary_large_image\" \/>\n<meta name=\"twitter:label1\" content=\"Dur\u00e9e de lecture estim\u00e9e\" \/>\n\t<meta name=\"twitter:data1\" content=\"1 minute\" \/>\n<script type=\"application\/ld+json\" class=\"yoast-schema-graph\">{\"@context\":\"https:\/\/schema.org\",\"@graph\":[{\"@type\":\"WebPage\",\"@id\":\"https:\/\/www.tourisme-valdemarne.com\/espace-pro\/presse\/actualites-et-communiques-de-presse\/communiques-de-presse-precedents\/cap-sur-la-marne-la-grande-aventure-les-8-et-9-juin\/\",\"url\":\"https:\/\/www.tourisme-valdemarne.com\/espace-pro\/presse\/actualites-et-communiques-de-presse\/communiques-de-presse-precedents\/cap-sur-la-marne-la-grande-aventure-les-8-et-9-juin\/\",\"name\":\"Cap sur la Marne : La Grande Aventure, les 8 et 9 juin - Espace Pro\",\"isPartOf\":{\"@id\":\"https:\/\/www.tourisme-valdemarne.com\/espace-pro\/#website\"},\"primaryImageOfPage\":{\"@id\":\"https:\/\/www.tourisme-valdemarne.com\/espace-pro\/presse\/actualites-et-communiques-de-presse\/communiques-de-presse-precedents\/cap-sur-la-marne-la-grande-aventure-les-8-et-9-juin\/#primaryimage\"},\"image\":{\"@id\":\"https:\/\/www.tourisme-valdemarne.com\/espace-pro\/presse\/actualites-et-communiques-de-presse\/communiques-de-presse-precedents\/cap-sur-la-marne-la-grande-aventure-les-8-et-9-juin\/#primaryimage\"},\"thumbnailUrl\":\"https:\/\/www.tourisme-valdemarne.com\/espace-pro\/wp-content\/uploads\/sites\/3\/2024\/04\/la-grande-aventure-c-cdt94-c.chowah-1.jpg\",\"datePublished\":\"2024-04-26T12:16:34+00:00\",\"dateModified\":\"2025-03-14T13:05:44+00:00\",\"breadcrumb\":{\"@id\":\"https:\/\/www.tourisme-valdemarne.com\/espace-pro\/presse\/actualites-et-communiques-de-presse\/communiques-de-presse-precedents\/cap-sur-la-marne-la-grande-aventure-les-8-et-9-juin\/#breadcrumb\"},\"inLanguage\":\"fr-FR\",\"potentialAction\":[{\"@type\":\"ReadAction\",\"target\":[\"https:\/\/www.tourisme-valdemarne.com\/espace-pro\/presse\/actualites-et-communiques-de-presse\/communiques-de-presse-precedents\/cap-sur-la-marne-la-grande-aventure-les-8-et-9-juin\/\"]}]},{\"@type\":\"ImageObject\",\"inLanguage\":\"fr-FR\",\"@id\":\"https:\/\/www.tourisme-valdemarne.com\/espace-pro\/presse\/actualites-et-communiques-de-presse\/communiques-de-presse-precedents\/cap-sur-la-marne-la-grande-aventure-les-8-et-9-juin\/#primaryimage\",\"url\":\"https:\/\/www.tourisme-valdemarne.com\/espace-pro\/wp-content\/uploads\/sites\/3\/2024\/04\/la-grande-aventure-c-cdt94-c.chowah-1.jpg\",\"contentUrl\":\"https:\/\/www.tourisme-valdemarne.com\/espace-pro\/wp-content\/uploads\/sites\/3\/2024\/04\/la-grande-aventure-c-cdt94-c.chowah-1.jpg\",\"width\":2048,\"height\":1152},{\"@type\":\"BreadcrumbList\",\"@id\":\"https:\/\/www.tourisme-valdemarne.com\/espace-pro\/presse\/actualites-et-communiques-de-presse\/communiques-de-presse-precedents\/cap-sur-la-marne-la-grande-aventure-les-8-et-9-juin\/#breadcrumb\",\"itemListElement\":[{\"@type\":\"ListItem\",\"position\":1,\"name\":\"Accueil\",\"item\":\"https:\/\/www.tourisme-valdemarne.com\/espace-pro\/\"},{\"@type\":\"ListItem\",\"position\":2,\"name\":\"Presse\",\"item\":\"https:\/\/www.tourisme-valdemarne.com\/espace-pro\/presse\/\"},{\"@type\":\"ListItem\",\"position\":3,\"name\":\"Actualit\u00e9s et communiqu\u00e9s de presse\",\"item\":\"https:\/\/www.tourisme-valdemarne.com\/espace-pro\/presse\/actualites-et-communiques-de-presse\/\"},{\"@type\":\"ListItem\",\"position\":4,\"name\":\"Communiqu\u00e9s de presse pr\u00e9c\u00e9dents\",\"item\":\"https:\/\/www.tourisme-valdemarne.com\/espace-pro\/presse\/actualites-et-communiques-de-presse\/communiques-de-presse-precedents\/\"},{\"@type\":\"ListItem\",\"position\":5,\"name\":\"Cap sur la Marne : La Grande Aventure, les 8 et 9 juin\"}]},{\"@type\":\"WebSite\",\"@id\":\"https:\/\/www.tourisme-valdemarne.com\/espace-pro\/#website\",\"url\":\"https:\/\/www.tourisme-valdemarne.com\/espace-pro\/\",\"name\":\"Espace Pro\",\"description\":\"Informations et outils pour les professionnels et la Presse\",\"potentialAction\":[{\"@type\":\"SearchAction\",\"target\":{\"@type\":\"EntryPoint\",\"urlTemplate\":\"https:\/\/www.tourisme-valdemarne.com\/espace-pro\/?s={search_term_string}\"},\"query-input\":{\"@type\":\"PropertyValueSpecification\",\"valueRequired\":true,\"valueName\":\"search_term_string\"}}],\"inLanguage\":\"fr-FR\"}]}<\/script>\n<!-- \/ Yoast SEO plugin. -->","yoast_head_json":{"title":"Cap sur la Marne : La Grande Aventure, les 8 et 9 juin - Espace Pro","robots":{"index":"index","follow":"follow","max-snippet":"max-snippet:-1","max-image-preview":"max-image-preview:large","max-video-preview":"max-video-preview:-1"},"canonical":"https:\/\/www.tourisme-valdemarne.com\/espace-pro\/presse\/actualites-et-communiques-de-presse\/communiques-de-presse-precedents\/cap-sur-la-marne-la-grande-aventure-les-8-et-9-juin\/","og_locale":"fr_FR","og_type":"article","og_title":"Cap sur la Marne : La Grande Aventure, les 8 et 9 juin - Espace Pro","og_description":"COMMUNIQUE DE PRESSE : La Grande aventure 2024 La Grande Aventure : un week-end sportif et culturel sur (les bords de) la Marne A pied, \u00e0 v\u00e9lo ou en cano\u00eb-kayak, les d\u00e9couvertes patrimoniales et curiosit\u00e9s culturelles rythmeront la programmation de \u00ab La Grande Aventure \u00bb imagin\u00e9e par le collectif Cap sur la Marne. Les 8 [&hellip;]","og_url":"https:\/\/www.tourisme-valdemarne.com\/espace-pro\/presse\/actualites-et-communiques-de-presse\/communiques-de-presse-precedents\/cap-sur-la-marne-la-grande-aventure-les-8-et-9-juin\/","og_site_name":"Espace Pro","article_modified_time":"2025-03-14T13:05:44+00:00","og_image":[{"width":2048,"height":1152,"url":"https:\/\/www.tourisme-valdemarne.com\/espace-pro\/wp-content\/uploads\/sites\/3\/2024\/04\/la-grande-aventure-c-cdt94-c.chowah-1.jpg","type":"image\/jpeg"}],"twitter_card":"summary_large_image","twitter_misc":{"Dur\u00e9e de lecture estim\u00e9e":"1 minute"},"schema":{"@context":"https:\/\/schema.org","@graph":[{"@type":"WebPage","@id":"https:\/\/www.tourisme-valdemarne.com\/espace-pro\/presse\/actualites-et-communiques-de-presse\/communiques-de-presse-precedents\/cap-sur-la-marne-la-grande-aventure-les-8-et-9-juin\/","url":"https:\/\/www.tourisme-valdemarne.com\/espace-pro\/presse\/actualites-et-communiques-de-presse\/communiques-de-presse-precedents\/cap-sur-la-marne-la-grande-aventure-les-8-et-9-juin\/","name":"Cap sur la Marne : La Grande Aventure, les 8 et 9 juin - Espace Pro","isPartOf":{"@id":"https:\/\/www.tourisme-valdemarne.com\/espace-pro\/#website"},"primaryImageOfPage":{"@id":"https:\/\/www.tourisme-valdemarne.com\/espace-pro\/presse\/actualites-et-communiques-de-presse\/communiques-de-presse-precedents\/cap-sur-la-marne-la-grande-aventure-les-8-et-9-juin\/#primaryimage"},"image":{"@id":"https:\/\/www.tourisme-valdemarne.com\/espace-pro\/presse\/actualites-et-communiques-de-presse\/communiques-de-presse-precedents\/cap-sur-la-marne-la-grande-aventure-les-8-et-9-juin\/#primaryimage"},"thumbnailUrl":"https:\/\/www.tourisme-valdemarne.com\/espace-pro\/wp-content\/uploads\/sites\/3\/2024\/04\/la-grande-aventure-c-cdt94-c.chowah-1.jpg","datePublished":"2024-04-26T12:16:34+00:00","dateModified":"2025-03-14T13:05:44+00:00","breadcrumb":{"@id":"https:\/\/www.tourisme-valdemarne.com\/espace-pro\/presse\/actualites-et-communiques-de-presse\/communiques-de-presse-precedents\/cap-sur-la-marne-la-grande-aventure-les-8-et-9-juin\/#breadcrumb"},"inLanguage":"fr-FR","potentialAction":[{"@type":"ReadAction","target":["https:\/\/www.tourisme-valdemarne.com\/espace-pro\/presse\/actualites-et-communiques-de-presse\/communiques-de-presse-precedents\/cap-sur-la-marne-la-grande-aventure-les-8-et-9-juin\/"]}]},{"@type":"ImageObject","inLanguage":"fr-FR","@id":"https:\/\/www.tourisme-valdemarne.com\/espace-pro\/presse\/actualites-et-communiques-de-presse\/communiques-de-presse-precedents\/cap-sur-la-marne-la-grande-aventure-les-8-et-9-juin\/#primaryimage","url":"https:\/\/www.tourisme-valdemarne.com\/espace-pro\/wp-content\/uploads\/sites\/3\/2024\/04\/la-grande-aventure-c-cdt94-c.chowah-1.jpg","contentUrl":"https:\/\/www.tourisme-valdemarne.com\/espace-pro\/wp-content\/uploads\/sites\/3\/2024\/04\/la-grande-aventure-c-cdt94-c.chowah-1.jpg","width":2048,"height":1152},{"@type":"BreadcrumbList","@id":"https:\/\/www.tourisme-valdemarne.com\/espace-pro\/presse\/actualites-et-communiques-de-presse\/communiques-de-presse-precedents\/cap-sur-la-marne-la-grande-aventure-les-8-et-9-juin\/#breadcrumb","itemListElement":[{"@type":"ListItem","position":1,"name":"Accueil","item":"https:\/\/www.tourisme-valdemarne.com\/espace-pro\/"},{"@type":"ListItem","position":2,"name":"Presse","item":"https:\/\/www.tourisme-valdemarne.com\/espace-pro\/presse\/"},{"@type":"ListItem","position":3,"name":"Actualit\u00e9s et communiqu\u00e9s de presse","item":"https:\/\/www.tourisme-valdemarne.com\/espace-pro\/presse\/actualites-et-communiques-de-presse\/"},{"@type":"ListItem","position":4,"name":"Communiqu\u00e9s de presse pr\u00e9c\u00e9dents","item":"https:\/\/www.tourisme-valdemarne.com\/espace-pro\/presse\/actualites-et-communiques-de-presse\/communiques-de-presse-precedents\/"},{"@type":"ListItem","position":5,"name":"Cap sur la Marne : La Grande Aventure, les 8 et 9 juin"}]},{"@type":"WebSite","@id":"https:\/\/www.tourisme-valdemarne.com\/espace-pro\/#website","url":"https:\/\/www.tourisme-valdemarne.com\/espace-pro\/","name":"Espace Pro","description":"Informations et outils pour les professionnels et la Presse","potentialAction":[{"@type":"SearchAction","target":{"@type":"EntryPoint","urlTemplate":"https:\/\/www.tourisme-valdemarne.com\/espace-pro\/?s={search_term_string}"},"query-input":{"@type":"PropertyValueSpecification","valueRequired":true,"valueName":"search_term_string"}}],"inLanguage":"fr-FR"}]}},"_links":{"self":[{"href":"https:\/\/www.tourisme-valdemarne.com\/espace-pro\/wp-json\/wp\/v2\/pages\/26986","targetHints":{"allow":["GET"]}}],"collection":[{"href":"https:\/\/www.tourisme-valdemarne.com\/espace-pro\/wp-json\/wp\/v2\/pages"}],"about":[{"href":"https:\/\/www.tourisme-valdemarne.com\/espace-pro\/wp-json\/wp\/v2\/types\/page"}],"author":[{"embeddable":true,"href":"https:\/\/www.tourisme-valdemarne.com\/espace-pro\/wp-json\/wp\/v2\/users\/9"}],"replies":[{"embeddable":true,"href":"https:\/\/www.tourisme-valdemarne.com\/espace-pro\/wp-json\/wp\/v2\/comments?post=26986"}],"version-history":[{"count":6,"href":"https:\/\/www.tourisme-valdemarne.com\/espace-pro\/wp-json\/wp\/v2\/pages\/26986\/revisions"}],"predecessor-version":[{"id":26995,"href":"https:\/\/www.tourisme-valdemarne.com\/espace-pro\/wp-json\/wp\/v2\/pages\/26986\/revisions\/26995"}],"up":[{"embeddable":true,"href":"https:\/\/www.tourisme-valdemarne.com\/espace-pro\/wp-json\/wp\/v2\/pages\/2883"}],"wp:featuredmedia":[{"embeddable":true,"href":"https:\/\/www.tourisme-valdemarne.com\/espace-pro\/wp-json\/wp\/v2\/media\/26988"}],"wp:attachment":[{"href":"https:\/\/www.tourisme-valdemarne.com\/espace-pro\/wp-json\/wp\/v2\/media?parent=26986"}],"wp:term":[{"taxonomy":"vdmTagMarketing","embeddable":true,"href":"https:\/\/www.tourisme-valdemarne.com\/espace-pro\/wp-json\/wp\/v2\/vdmTagMarketing?post=26986"}],"curies":[{"name":"wp","href":"https:\/\/api.w.org\/{rel}","templated":true}]}}