{"id":234,"date":"2019-04-16T16:24:53","date_gmt":"2019-04-16T14:24:53","guid":{"rendered":"https:\/\/www.tourisme-valdemarne.com\/espace-pro\/porte-sud-de-paris"},"modified":"2024-02-08T14:13:09","modified_gmt":"2024-02-08T13:13:09","slug":"porte-sud-de-paris","status":"publish","type":"page","link":"https:\/\/www.tourisme-valdemarne.com\/espace-pro\/seminaires-et-receptions-pro\/atouts-et-territoires-cles\/territoires-cles\/porte-sud-de-paris\/","title":{"rendered":"Porte Sud de Paris"},"content":{"rendered":"\n<p class=\"is-style-excerpt\">Ce secteur aux Portes de Paris, allant d\u2019Arcueil au Kremlin-Bic\u00eatre, offre toutes les conditions requises pour devenir l\u2019<strong>un des secteurs porteurs en mati\u00e8re de tourisme d\u2019Affaires du Val-de-Marne<\/strong>. Il s\u2019inscrit pleinement dans les dynamiques de d\u00e9veloppement des territoires de la petite couronne parisienne et en qualit\u00e9 de territoire d\u2019\u00e9changes et de mouvements.<\/p>\n\n\n\n<p>Bon nombre d\u2019<strong>\u00e9quipements d\u00e9di\u00e9s \u00e0 l\u2019activit\u00e9 affaires et d\u2019h\u00f4tels importants<\/strong> sont pr\u00e9sents sur cette zone.<\/p>\n\n\n\n<h2 class=\"wp-block-heading\">L\u2019Espace congr\u00e8s Paris Sud Les Esseli\u00e8res \u00e0 Villejuif<\/h2>\n\n\n\n<p>Situ\u00e9 \u00e0 5 min de Paris-Porte d\u2019Italie, l\u2019<a href=\"https:\/\/www.tourisme-valdemarne.com\/espace-pro\/seminaire\/espace-congres-les-esselieres\/\" target=\"_blank\" rel=\"noreferrer noopener\" aria-label=\"espace \u00e9v\u00e8nementiel les Esseli\u00e8res (s\u2019ouvre dans un nouvel onglet)\">espace \u00e9v\u00e8nementiel les Esseli\u00e8res<\/a> dispose de <strong>8 salles<\/strong> allant de <strong>40 \u00e0 1 100m\u00b2<\/strong>. La grande salle de congr\u00e8s peut accueillir jusqu\u2019\u00e0 <strong>1 000 personnes<\/strong> pour des soir\u00e9e-spectacle sur le th\u00e8me de votre choix : Jazz, Cabaret, Sixties, Casino ou Cara\u00efbes. Les autres salles sont modulables selon la configuration souhait\u00e9e et sont destin\u00e9es \u00e0 accueillir <strong>20 \u00e0 620 personnes<\/strong>, permettant ainsi de s\u2019adapter \u00e0 tous types d&rsquo;\u00e9v\u00e9nements.<\/p>\n\n\n\n<h2 class=\"wp-block-heading\">Le MAC\/VAL (Mus\u00e9e d\u2019Art Contemporain)<\/h2>\n\n\n\n<figure class=\"wp-block-image alignwide size-full\"><img width=\"1100\" height=\"736\" data-src=\"https:\/\/www.tourisme-valdemarne.com\/espace-pro\/wp-content\/uploads\/sites\/3\/2023\/01\/statue-dubuffet-macval.jpg\" alt=\"Statue de Jean Dubuffet derri\u00e8re le MAC VAL\" class=\"wp-image-14054\" srcset=\"https:\/\/www.tourisme-valdemarne.com\/espace-pro\/wp-content\/uploads\/sites\/3\/2023\/01\/statue-dubuffet-macval.jpg 1100w, https:\/\/www.tourisme-valdemarne.com\/espace-pro\/wp-content\/uploads\/sites\/3\/2023\/01\/statue-dubuffet-macval-600x401.jpg 600w, https:\/\/www.tourisme-valdemarne.com\/espace-pro\/wp-content\/uploads\/sites\/3\/2023\/01\/statue-dubuffet-macval-900x602.jpg 900w, https:\/\/www.tourisme-valdemarne.com\/espace-pro\/wp-content\/uploads\/sites\/3\/2023\/01\/statue-dubuffet-macval-380x254.jpg 380w, https:\/\/www.tourisme-valdemarne.com\/espace-pro\/wp-content\/uploads\/sites\/3\/2023\/01\/statue-dubuffet-macval-200x134.jpg 200w\" sizes=\"(max-width: 1100px) 100vw, 1100px\" \/><figcaption>Statue de Jean Dubuffet derri\u00e8re le MAC VAL \u00a9 CDT94\/D.Thierry<\/figcaption><\/figure>\n\n\n\n<p>Proche de Paris, le <a aria-label=\"MAC VAL (s\u2019ouvre dans un nouvel onglet)\" href=\"https:\/\/www.tourisme-valdemarne.com\/espace-pro\/seminaire\/le-mac-val\/\" target=\"_blank\" rel=\"noreferrer noopener\">MAC VAL<\/a> favorise la rencontre de l\u2019art contemporain avec tous les publics. A l\u2019occasion d\u2019un s\u00e9minaire ou d&rsquo;une conf\u00e9rence au sein de l&rsquo;auditorium, vous pourrez en profiter <strong>pour faire une&nbsp;<strong>visite guid\u00e9e du lieu accompagn\u00e9 par un conf\u00e9rencier<\/strong>&nbsp;<\/strong>ainsi que d\u2019un d\u00e9jeuner sur place au restaurant \u00ab&nbsp;A la folie&nbsp;\u00bb. (Package jusqu\u2019\u00e0 30 personnes par groupe de visite).<\/p>\n\n\n\n<h2 class=\"wp-block-heading\">Le Novotel Paris Porte d&rsquo;Italie au Kremlin-Bic\u00eatre<\/h2>\n\n\n\n<p>Le <a aria-label=\"novotel Paris Porte d'Italie (s\u2019ouvre dans un nouvel onglet)\" href=\"https:\/\/www.tourisme-valdemarne.com\/espace-pro\/seminaire\/novotel-paris-porte-ditalie\/\" target=\"_blank\" rel=\"noreferrer noopener\">novotel Paris Porte d&rsquo;Italie<\/a>, <strong>class\u00e9 4 \u00e9toiles<\/strong>, b\u00e9n\u00e9ficie d\u2019un <strong>acc\u00e8s direct au centre de Paris et \u00e0 l&rsquo;a\u00e9roport d&rsquo;Orly<\/strong> (par l&rsquo;A6b). Il dispose de <strong>168 chambres<\/strong> modernes et \u00e9l\u00e9gantes, d&rsquo;un restaurant, du Novotel Caf\u00e9 ainsi que de 3 salles de conf\u00e9rence, bien \u00e9quip\u00e9es techniquement, pour l&rsquo;organisation de r\u00e9unions et s\u00e9minaires. <\/p>\n\n\n\n<p class=\"is-style-highlight\">Retrouvez la\u00a0<a href=\"https:\/\/www.tourisme-valdemarne.com\/espace-pro\/seminaires-et-receptions-pro\/trouver-le-lieu-ideal\/\" target=\"_blank\" rel=\"noreferrer noopener\">liste de tous les lieux<\/a>\u00a0susceptibles d\u2019accueillir votre \u00e9v\u00e9nement professionnel.<\/p>\n","protected":false},"excerpt":{"rendered":"<p>Ce secteur aux Portes de Paris, allant d\u2019Arcueil au Kremlin-Bic\u00eatre, offre toutes les conditions requises pour devenir l\u2019un des secteurs porteurs en mati\u00e8re de tourisme d\u2019Affaires du Val-de-Marne. Il s\u2019inscrit pleinement dans les dynamiques de d\u00e9veloppement des territoires de la petite couronne parisienne et en qualit\u00e9 de territoire d\u2019\u00e9changes et de mouvements. Bon nombre d\u2019\u00e9quipements [&hellip;]<\/p>\n","protected":false},"author":1,"featured_media":3190,"parent":188,"menu_order":20,"comment_status":"closed","ping_status":"closed","template":"","meta":{"_relevanssi_hide_post":"","_relevanssi_hide_content":"","_relevanssi_pin_for_all":"","_relevanssi_pin_keywords":"","_relevanssi_unpin_keywords":"","_relevanssi_related_keywords":"","_relevanssi_related_include_ids":"","_relevanssi_related_exclude_ids":"","_relevanssi_related_no_append":"","_relevanssi_related_not_related":"","_relevanssi_related_posts":"442,2741,2745,2751,2747,2749","_relevanssi_noindex_reason":"","footnotes":""},"vdmTagMarketing":[],"class_list":["post-234","page","type-page","status-publish","has-post-thumbnail","hentry"],"acf":[],"yoast_head":"<!-- This site is optimized with the Yoast SEO plugin v23.9 - https:\/\/yoast.com\/wordpress\/plugins\/seo\/ -->\n<title>Porte Sud de Paris - Espace Pro<\/title>\n<meta name=\"description\" content=\"Ce secteur aux Portes de Paris, allant d\u2019Arcueil au Kremlin-Bic\u00eatre, s\u2019inscrit pleinement dans les dynamiques de d\u00e9veloppement.\" \/>\n<meta name=\"robots\" content=\"index, follow, max-snippet:-1, max-image-preview:large, max-video-preview:-1\" \/>\n<link rel=\"canonical\" href=\"https:\/\/www.tourisme-valdemarne.com\/espace-pro\/seminaires-et-receptions-pro\/atouts-et-territoires-cles\/territoires-cles\/porte-sud-de-paris\/\" \/>\n<meta property=\"og:locale\" content=\"fr_FR\" \/>\n<meta property=\"og:type\" content=\"article\" \/>\n<meta property=\"og:title\" content=\"Porte Sud de Paris - Espace Pro\" \/>\n<meta property=\"og:description\" content=\"Ce secteur aux Portes de Paris, allant d\u2019Arcueil au Kremlin-Bic\u00eatre, s\u2019inscrit pleinement dans les dynamiques de d\u00e9veloppement.\" \/>\n<meta property=\"og:url\" content=\"https:\/\/www.tourisme-valdemarne.com\/espace-pro\/seminaires-et-receptions-pro\/atouts-et-territoires-cles\/territoires-cles\/porte-sud-de-paris\/\" \/>\n<meta property=\"og:site_name\" content=\"Espace Pro\" \/>\n<meta property=\"article:modified_time\" content=\"2024-02-08T13:13:09+00:00\" \/>\n<meta property=\"og:image\" content=\"https:\/\/www.tourisme-valdemarne.com\/espace-pro\/wp-content\/uploads\/sites\/3\/2019\/06\/facade-mac-val-vitry-sur-seine-cp-cdt94-d-thierry.jpg\" \/>\n\t<meta property=\"og:image:width\" content=\"1600\" \/>\n\t<meta property=\"og:image:height\" content=\"1071\" \/>\n\t<meta property=\"og:image:type\" content=\"image\/jpeg\" \/>\n<meta name=\"twitter:card\" content=\"summary_large_image\" \/>\n<meta name=\"twitter:label1\" content=\"Dur\u00e9e de lecture estim\u00e9e\" \/>\n\t<meta name=\"twitter:data1\" content=\"2 minutes\" \/>\n<script type=\"application\/ld+json\" class=\"yoast-schema-graph\">{\"@context\":\"https:\/\/schema.org\",\"@graph\":[{\"@type\":\"WebPage\",\"@id\":\"https:\/\/www.tourisme-valdemarne.com\/espace-pro\/seminaires-et-receptions-pro\/atouts-et-territoires-cles\/territoires-cles\/porte-sud-de-paris\/\",\"url\":\"https:\/\/www.tourisme-valdemarne.com\/espace-pro\/seminaires-et-receptions-pro\/atouts-et-territoires-cles\/territoires-cles\/porte-sud-de-paris\/\",\"name\":\"Porte Sud de Paris - Espace Pro\",\"isPartOf\":{\"@id\":\"https:\/\/www.tourisme-valdemarne.com\/espace-pro\/#website\"},\"primaryImageOfPage\":{\"@id\":\"https:\/\/www.tourisme-valdemarne.com\/espace-pro\/seminaires-et-receptions-pro\/atouts-et-territoires-cles\/territoires-cles\/porte-sud-de-paris\/#primaryimage\"},\"image\":{\"@id\":\"https:\/\/www.tourisme-valdemarne.com\/espace-pro\/seminaires-et-receptions-pro\/atouts-et-territoires-cles\/territoires-cles\/porte-sud-de-paris\/#primaryimage\"},\"thumbnailUrl\":\"https:\/\/www.tourisme-valdemarne.com\/espace-pro\/wp-content\/uploads\/sites\/3\/2019\/06\/facade-mac-val-vitry-sur-seine-cp-cdt94-d-thierry.jpg\",\"datePublished\":\"2019-04-16T14:24:53+00:00\",\"dateModified\":\"2024-02-08T13:13:09+00:00\",\"description\":\"Ce secteur aux Portes de Paris, allant d\u2019Arcueil au Kremlin-Bic\u00eatre, s\u2019inscrit pleinement dans les dynamiques de d\u00e9veloppement.\",\"breadcrumb\":{\"@id\":\"https:\/\/www.tourisme-valdemarne.com\/espace-pro\/seminaires-et-receptions-pro\/atouts-et-territoires-cles\/territoires-cles\/porte-sud-de-paris\/#breadcrumb\"},\"inLanguage\":\"fr-FR\",\"potentialAction\":[{\"@type\":\"ReadAction\",\"target\":[\"https:\/\/www.tourisme-valdemarne.com\/espace-pro\/seminaires-et-receptions-pro\/atouts-et-territoires-cles\/territoires-cles\/porte-sud-de-paris\/\"]}]},{\"@type\":\"ImageObject\",\"inLanguage\":\"fr-FR\",\"@id\":\"https:\/\/www.tourisme-valdemarne.com\/espace-pro\/seminaires-et-receptions-pro\/atouts-et-territoires-cles\/territoires-cles\/porte-sud-de-paris\/#primaryimage\",\"url\":\"https:\/\/www.tourisme-valdemarne.com\/espace-pro\/wp-content\/uploads\/sites\/3\/2019\/06\/facade-mac-val-vitry-sur-seine-cp-cdt94-d-thierry.jpg\",\"contentUrl\":\"https:\/\/www.tourisme-valdemarne.com\/espace-pro\/wp-content\/uploads\/sites\/3\/2019\/06\/facade-mac-val-vitry-sur-seine-cp-cdt94-d-thierry.jpg\",\"width\":1600,\"height\":1071,\"caption\":\"Le MAC VAL de Vitry-sur-Seine \u00a9 CDT94\/D.Thierry\"},{\"@type\":\"BreadcrumbList\",\"@id\":\"https:\/\/www.tourisme-valdemarne.com\/espace-pro\/seminaires-et-receptions-pro\/atouts-et-territoires-cles\/territoires-cles\/porte-sud-de-paris\/#breadcrumb\",\"itemListElement\":[{\"@type\":\"ListItem\",\"position\":1,\"name\":\"Accueil\",\"item\":\"https:\/\/www.tourisme-valdemarne.com\/espace-pro\/\"},{\"@type\":\"ListItem\",\"position\":2,\"name\":\"S\u00e9minaires et r\u00e9ceptions Pro\",\"item\":\"https:\/\/www.tourisme-valdemarne.com\/espace-pro\/seminaires-et-receptions-pro\/\"},{\"@type\":\"ListItem\",\"position\":3,\"name\":\"Atouts et territoires cl\u00e9s du Val-de-Marne\",\"item\":\"https:\/\/www.tourisme-valdemarne.com\/espace-pro\/seminaires-et-receptions-pro\/atouts-et-territoires-cles\/\"},{\"@type\":\"ListItem\",\"position\":4,\"name\":\"Territoires cl\u00e9s\",\"item\":\"https:\/\/www.tourisme-valdemarne.com\/espace-pro\/seminaires-et-receptions-pro\/atouts-et-territoires-cles\/territoires-cles\/\"},{\"@type\":\"ListItem\",\"position\":5,\"name\":\"Porte Sud de Paris\"}]},{\"@type\":\"WebSite\",\"@id\":\"https:\/\/www.tourisme-valdemarne.com\/espace-pro\/#website\",\"url\":\"https:\/\/www.tourisme-valdemarne.com\/espace-pro\/\",\"name\":\"Espace Pro\",\"description\":\"Informations et outils pour les professionnels et la Presse\",\"potentialAction\":[{\"@type\":\"SearchAction\",\"target\":{\"@type\":\"EntryPoint\",\"urlTemplate\":\"https:\/\/www.tourisme-valdemarne.com\/espace-pro\/?s={search_term_string}\"},\"query-input\":{\"@type\":\"PropertyValueSpecification\",\"valueRequired\":true,\"valueName\":\"search_term_string\"}}],\"inLanguage\":\"fr-FR\"}]}<\/script>\n<!-- \/ Yoast SEO plugin. -->","yoast_head_json":{"title":"Porte Sud de Paris - Espace Pro","description":"Ce secteur aux Portes de Paris, allant d\u2019Arcueil au Kremlin-Bic\u00eatre, s\u2019inscrit pleinement dans les dynamiques de d\u00e9veloppement.","robots":{"index":"index","follow":"follow","max-snippet":"max-snippet:-1","max-image-preview":"max-image-preview:large","max-video-preview":"max-video-preview:-1"},"canonical":"https:\/\/www.tourisme-valdemarne.com\/espace-pro\/seminaires-et-receptions-pro\/atouts-et-territoires-cles\/territoires-cles\/porte-sud-de-paris\/","og_locale":"fr_FR","og_type":"article","og_title":"Porte Sud de Paris - Espace Pro","og_description":"Ce secteur aux Portes de Paris, allant d\u2019Arcueil au Kremlin-Bic\u00eatre, s\u2019inscrit pleinement dans les dynamiques de d\u00e9veloppement.","og_url":"https:\/\/www.tourisme-valdemarne.com\/espace-pro\/seminaires-et-receptions-pro\/atouts-et-territoires-cles\/territoires-cles\/porte-sud-de-paris\/","og_site_name":"Espace Pro","article_modified_time":"2024-02-08T13:13:09+00:00","og_image":[{"width":1600,"height":1071,"url":"https:\/\/www.tourisme-valdemarne.com\/espace-pro\/wp-content\/uploads\/sites\/3\/2019\/06\/facade-mac-val-vitry-sur-seine-cp-cdt94-d-thierry.jpg","type":"image\/jpeg"}],"twitter_card":"summary_large_image","twitter_misc":{"Dur\u00e9e de lecture estim\u00e9e":"2 minutes"},"schema":{"@context":"https:\/\/schema.org","@graph":[{"@type":"WebPage","@id":"https:\/\/www.tourisme-valdemarne.com\/espace-pro\/seminaires-et-receptions-pro\/atouts-et-territoires-cles\/territoires-cles\/porte-sud-de-paris\/","url":"https:\/\/www.tourisme-valdemarne.com\/espace-pro\/seminaires-et-receptions-pro\/atouts-et-territoires-cles\/territoires-cles\/porte-sud-de-paris\/","name":"Porte Sud de Paris - Espace Pro","isPartOf":{"@id":"https:\/\/www.tourisme-valdemarne.com\/espace-pro\/#website"},"primaryImageOfPage":{"@id":"https:\/\/www.tourisme-valdemarne.com\/espace-pro\/seminaires-et-receptions-pro\/atouts-et-territoires-cles\/territoires-cles\/porte-sud-de-paris\/#primaryimage"},"image":{"@id":"https:\/\/www.tourisme-valdemarne.com\/espace-pro\/seminaires-et-receptions-pro\/atouts-et-territoires-cles\/territoires-cles\/porte-sud-de-paris\/#primaryimage"},"thumbnailUrl":"https:\/\/www.tourisme-valdemarne.com\/espace-pro\/wp-content\/uploads\/sites\/3\/2019\/06\/facade-mac-val-vitry-sur-seine-cp-cdt94-d-thierry.jpg","datePublished":"2019-04-16T14:24:53+00:00","dateModified":"2024-02-08T13:13:09+00:00","description":"Ce secteur aux Portes de Paris, allant d\u2019Arcueil au Kremlin-Bic\u00eatre, s\u2019inscrit pleinement dans les dynamiques de d\u00e9veloppement.","breadcrumb":{"@id":"https:\/\/www.tourisme-valdemarne.com\/espace-pro\/seminaires-et-receptions-pro\/atouts-et-territoires-cles\/territoires-cles\/porte-sud-de-paris\/#breadcrumb"},"inLanguage":"fr-FR","potentialAction":[{"@type":"ReadAction","target":["https:\/\/www.tourisme-valdemarne.com\/espace-pro\/seminaires-et-receptions-pro\/atouts-et-territoires-cles\/territoires-cles\/porte-sud-de-paris\/"]}]},{"@type":"ImageObject","inLanguage":"fr-FR","@id":"https:\/\/www.tourisme-valdemarne.com\/espace-pro\/seminaires-et-receptions-pro\/atouts-et-territoires-cles\/territoires-cles\/porte-sud-de-paris\/#primaryimage","url":"https:\/\/www.tourisme-valdemarne.com\/espace-pro\/wp-content\/uploads\/sites\/3\/2019\/06\/facade-mac-val-vitry-sur-seine-cp-cdt94-d-thierry.jpg","contentUrl":"https:\/\/www.tourisme-valdemarne.com\/espace-pro\/wp-content\/uploads\/sites\/3\/2019\/06\/facade-mac-val-vitry-sur-seine-cp-cdt94-d-thierry.jpg","width":1600,"height":1071,"caption":"Le MAC VAL de Vitry-sur-Seine \u00a9 CDT94\/D.Thierry"},{"@type":"BreadcrumbList","@id":"https:\/\/www.tourisme-valdemarne.com\/espace-pro\/seminaires-et-receptions-pro\/atouts-et-territoires-cles\/territoires-cles\/porte-sud-de-paris\/#breadcrumb","itemListElement":[{"@type":"ListItem","position":1,"name":"Accueil","item":"https:\/\/www.tourisme-valdemarne.com\/espace-pro\/"},{"@type":"ListItem","position":2,"name":"S\u00e9minaires et r\u00e9ceptions Pro","item":"https:\/\/www.tourisme-valdemarne.com\/espace-pro\/seminaires-et-receptions-pro\/"},{"@type":"ListItem","position":3,"name":"Atouts et territoires cl\u00e9s du Val-de-Marne","item":"https:\/\/www.tourisme-valdemarne.com\/espace-pro\/seminaires-et-receptions-pro\/atouts-et-territoires-cles\/"},{"@type":"ListItem","position":4,"name":"Territoires cl\u00e9s","item":"https:\/\/www.tourisme-valdemarne.com\/espace-pro\/seminaires-et-receptions-pro\/atouts-et-territoires-cles\/territoires-cles\/"},{"@type":"ListItem","position":5,"name":"Porte Sud de Paris"}]},{"@type":"WebSite","@id":"https:\/\/www.tourisme-valdemarne.com\/espace-pro\/#website","url":"https:\/\/www.tourisme-valdemarne.com\/espace-pro\/","name":"Espace Pro","description":"Informations et outils pour les professionnels et la Presse","potentialAction":[{"@type":"SearchAction","target":{"@type":"EntryPoint","urlTemplate":"https:\/\/www.tourisme-valdemarne.com\/espace-pro\/?s={search_term_string}"},"query-input":{"@type":"PropertyValueSpecification","valueRequired":true,"valueName":"search_term_string"}}],"inLanguage":"fr-FR"}]}},"_links":{"self":[{"href":"https:\/\/www.tourisme-valdemarne.com\/espace-pro\/wp-json\/wp\/v2\/pages\/234","targetHints":{"allow":["GET"]}}],"collection":[{"href":"https:\/\/www.tourisme-valdemarne.com\/espace-pro\/wp-json\/wp\/v2\/pages"}],"about":[{"href":"https:\/\/www.tourisme-valdemarne.com\/espace-pro\/wp-json\/wp\/v2\/types\/page"}],"author":[{"embeddable":true,"href":"https:\/\/www.tourisme-valdemarne.com\/espace-pro\/wp-json\/wp\/v2\/users\/1"}],"replies":[{"embeddable":true,"href":"https:\/\/www.tourisme-valdemarne.com\/espace-pro\/wp-json\/wp\/v2\/comments?post=234"}],"version-history":[{"count":10,"href":"https:\/\/www.tourisme-valdemarne.com\/espace-pro\/wp-json\/wp\/v2\/pages\/234\/revisions"}],"predecessor-version":[{"id":26253,"href":"https:\/\/www.tourisme-valdemarne.com\/espace-pro\/wp-json\/wp\/v2\/pages\/234\/revisions\/26253"}],"up":[{"embeddable":true,"href":"https:\/\/www.tourisme-valdemarne.com\/espace-pro\/wp-json\/wp\/v2\/pages\/188"}],"wp:featuredmedia":[{"embeddable":true,"href":"https:\/\/www.tourisme-valdemarne.com\/espace-pro\/wp-json\/wp\/v2\/media\/3190"}],"wp:attachment":[{"href":"https:\/\/www.tourisme-valdemarne.com\/espace-pro\/wp-json\/wp\/v2\/media?parent=234"}],"wp:term":[{"taxonomy":"vdmTagMarketing","embeddable":true,"href":"https:\/\/www.tourisme-valdemarne.com\/espace-pro\/wp-json\/wp\/v2\/vdmTagMarketing?post=234"}],"curies":[{"name":"wp","href":"https:\/\/api.w.org\/{rel}","templated":true}]}}